{"id":3497,"date":"2024-09-20T11:28:23","date_gmt":"2024-09-20T08:28:23","guid":{"rendered":"https:\/\/joulumieli.iwn.co\/etusivu\/"},"modified":"2026-09-02T13:08:49","modified_gmt":"2026-09-02T10:08:49","slug":"etusivu","status":"publish","type":"page","link":"https:\/\/hyvajoulumieli.fi\/sv\/","title":{"rendered":"Etusivu"},"content":{"rendered":"\n<section id=\"g-sjhtojh\" class=\"section-g-sjhtojh gutentor-module gutentor-container-cover wp-block-gutentor-m3 alignfull has-image-bg has-custom-bg\"><div class=\"grid-container\"><\/div><\/section>\n\n\n\n<section id=\"g-ojgpge5\" class=\"section-g-ojgpge5 gutentor-module gutentor-container-cover wp-block-gutentor-m3\"><div class=\"grid-container gutentor-rm-ct-space\">\n<section id=\"g-qjy1jk1\" class=\"section-g-qjy1jk1 gutentor-module gutentor-advanced-columns wp-block-gutentor-m4 has-color-bg has-custom-bg\"><div class=\"wp-block-gutentor-m4 grid-container\"><div class=\"grid-row\">\n<section id=\"col-g-e1te1l8\" class=\"col-g-e1te1l8 wp-block-gutentor-m4-col grid-lg-12 grid-md-12 grid-12 gutentor-single-column  grid-lg-12  grid-md-12  grid-12\"><div id=\"section-g-e1te1l8\" class=\"section-g-e1te1l8 gutentor-col-wrap\">\n<div id=\"section-g-1tecce4\" class=\"section-g-1tecce4 gutentor-element gutentor-element-advanced-text wp-block-gutentor-e1 text-align-center-mobile\"><div class=\"gutentor-text-wrap\"><h2 class=\"gutentor-text\">Jul i Sinnet<\/h2><\/div><\/div>\n\n\n\n<div id=\"section-g-pe1zexv\" class=\"section-g-pe1zexv gutentor-element gutentor-element-advanced-text wp-block-gutentor-e0 text-align-center-mobile\"><div class=\"gutentor-text-wrap\"><p class=\"gutentor-text\">Med Jul i Sinnet -insamlingen skaffas matpresentkort v\u00e4rda 70 euro till mindre bemedlade barnfamiljer i Finland.<\/p><\/div><\/div>\n\n\n\n<hr class=\"wp-block-separator has-text-color has-accent-color has-alpha-channel-opacity has-accent-background-color has-background\"\/>\n\n\n\n<div id=\"section-g-z41js4a\" class=\"section-g-z41js4a gutentor-element gutentor-element-advanced-text wp-block-gutentor-e1 text-align-center-mobile\"><div class=\"gutentor-text-wrap\"><h3 class=\"gutentor-text\">Donera nu<\/h3><\/div><\/div>\n\n\n\n<div id=\"section-g-3hptqcs\" class=\"section-g-3hptqcs gutentor-element gutentor-element-list text-align-center-desktop text-align-center-mobile\"><ul class=\"grid-row gutentor-grid-item-wrap gutentor-disable-list-style\"><li class=\"gutentor-list-item grid-lg-6 grid-md-6 grid-6\"><span class=\"gutentor-single-item gutentor-single-item-0\"><a class=\"gutentor-single-item-title-link\" href=\"https:\/\/donation.securycast.com\/hjm?p=15&amp;lang=se\" target=\"_blank\" rel=\"noopener noreferrer\"><span class=\"gutentor-list-item-wrap g-s-list-wrap\"><span class=\"gutentor-list-item\"><p class=\"gutentor-single-item-title\">15 \u20ac<\/p><\/span><\/span><\/a><\/span><\/li><li class=\"gutentor-list-item grid-lg-6 grid-md-6 grid-6\"><span class=\"gutentor-single-item gutentor-single-item-1\"><a class=\"gutentor-single-item-title-link\" href=\"https:\/\/donation.securycast.com\/hjm?p=35&amp;lang=se\" target=\"_blank\" rel=\"noopener noreferrer\"><span class=\"gutentor-list-item-wrap g-s-list-wrap\"><span class=\"gutentor-list-item\"><p class=\"gutentor-single-item-title\">35 \u20ac<\/p><\/span><\/span><\/a><\/span><\/li><li class=\"gutentor-list-item grid-lg-6 grid-md-6 grid-6\"><span class=\"gutentor-single-item gutentor-single-item-2\"><a class=\"gutentor-single-item-title-link\" href=\"https:\/\/donation.securycast.com\/hjm?p=70&amp;lang=se\" target=\"_blank\" rel=\"noopener noreferrer\"><span class=\"gutentor-list-item-wrap g-s-list-wrap\"><span class=\"gutentor-list-item\"><p class=\"gutentor-single-item-title\">70 \u20ac<\/p><\/span><\/span><\/a><\/span><\/li><li class=\"gutentor-list-item grid-lg-6 grid-md-6 grid-6\"><span class=\"gutentor-single-item gutentor-single-item-3\"><a class=\"gutentor-single-item-title-link\" href=\"https:\/\/donation.securycast.com\/hjm?lang=se\" target=\"_blank\" rel=\"noopener noreferrer\"><span class=\"gutentor-list-item-wrap g-s-list-wrap\"><span class=\"gutentor-list-item\"><p class=\"gutentor-single-item-title\">Annan summa<\/p><\/span><\/span><\/a><\/span><\/li><\/ul><\/div>\n\n\n\n<div id=\"section-g-bgwkv18\" class=\"section-g-bgwkv18 gutentor-element gutentor-element-advanced-text wp-block-gutentor-e0 text-align-center-mobile\"><div class=\"gutentor-text-wrap\"><p class=\"gutentor-text\"><a href=\"https:\/\/hyvajoulumieli.fi\/sv\/foretagsdonationer\/\">Donera som f\u00f6retag<\/a><\/p><\/div><\/div>\n<\/div><\/section>\n<\/div><\/div><\/section>\n\n\n\n<section id=\"g-7wkp67d\" class=\"section-g-7wkp67d gutentor-module gutentor-advanced-columns wp-block-gutentor-m4 has-color-bg has-custom-bg\"><div class=\"wp-block-gutentor-m4 grid-container\"><div class=\"grid-row\">\n<section id=\"col-g-492671z\" class=\"col-g-492671z wp-block-gutentor-m4-col grid-lg-12 grid-md-12 grid-12 gutentor-single-column  grid-lg-12  grid-md-12  grid-12\"><div id=\"section-g-492671z\" class=\"section-g-492671z gutentor-col-wrap\">\n<div id=\"section-g-hyh7o2g\" class=\"section-g-hyh7o2g gutentor-element gutentor-element-advanced-text wp-block-gutentor-e1 text-align-center-mobile\"><div class=\"gutentor-text-wrap\"><h3 class=\"gutentor-text\">Aktuellt<\/h3><\/div><\/div>\n\n\n<section class=\"gutentor-post-module section-g-sudemec gutentor-post-module-p1 gutentor_p1_template1 wp-block-gutentor-p1 front-blog-section gutentor-blog-grid\" id=\"\" data-gbid=\"g-sudemec\" >\n<div class='grid-container'><div class='grid-row' ><article class='gutentor-post  grid-lg-4 grid-md-4 grid-12'><div class='gutentor-post-item'><div class='gutentor-post-image-box'><div class=\"gutentor-image-thumb\"><img loading=\"lazy\" decoding=\"async\" width=\"1024\" height=\"536\" src=\"\"image\/gif;base64,R0lGODlhAQABAAAAACH5BAEKAAEALAAAAAABAAEAAAICTAEAOw==\" class=\"attachment-large size-large wp-post-image lazyload\" alt=\"Lapsi istuu naisen syliss\u00e4 lattialla\" sizes=\"auto, (max-width: 1024px) 100vw, 1024px\" data-src=\"https:\/\/hyvajoulumieli.fi\/wp-content\/uploads\/2025\/12\/HJM_2025_kuvaaja_anna_autio_rajattu-1024x536.jpg\" data-srcset=\"https:\/\/hyvajoulumieli.fi\/wp-content\/uploads\/2025\/12\/HJM_2025_kuvaaja_anna_autio_rajattu-1024x536.jpg 1024w, https:\/\/hyvajoulumieli.fi\/wp-content\/uploads\/2025\/12\/HJM_2025_kuvaaja_anna_autio_rajattu-300x157.jpg 300w, https:\/\/hyvajoulumieli.fi\/wp-content\/uploads\/2025\/12\/HJM_2025_kuvaaja_anna_autio_rajattu-768x402.jpg 768w, https:\/\/hyvajoulumieli.fi\/wp-content\/uploads\/2025\/12\/HJM_2025_kuvaaja_anna_autio_rajattu-1536x804.jpg 1536w, https:\/\/hyvajoulumieli.fi\/wp-content\/uploads\/2025\/12\/HJM_2025_kuvaaja_anna_autio_rajattu-2048x1072.jpg 2048w\"><\/div><\/div><div class=\"gutentor-entry-meta gutentor-entry-meta-primary\"><div class=\"posted-on\"><i class=\"far fa-calendar-alt\"><\/i><a href=\"https:\/\/hyvajoulumieli.fi\/sv\/18-000-mindre-bemedlade-barnfamiljer-fick-ett-jul-i-sinnet-matpresentkort\/\" rel=\"bookmark\">24 december 2025<\/a><\/div><\/div><div class=\"gutentor-post-title-data-wrap\"><h3 class=\"gutentor-post-title\"><a href=\"https:\/\/hyvajoulumieli.fi\/sv\/18-000-mindre-bemedlade-barnfamiljer-fick-ett-jul-i-sinnet-matpresentkort\/\" rel=\"bookmark\">18\u00a0000 mindre bemedlade barnfamiljer fick ett Jul i Sinnet-matpresentkort<\/a><\/h3><\/div><div class=\"gutentor-post-desc\">Matpresentkorten som skaffats med medel fr\u00e5n Jul i Sinnet-insamlingen har levererats till mindre bem&hellip;<\/div><\/div><\/article><article class='gutentor-post  grid-lg-4 grid-md-4 grid-12'><div class='gutentor-post-item'><div class='gutentor-post-image-box'><div class=\"gutentor-image-thumb\"><img loading=\"lazy\" decoding=\"async\" width=\"1024\" height=\"384\" src=\"\"image\/gif;base64,R0lGODlhAQABAAAAACH5BAEKAAEALAAAAAABAAEAAAICTAEAOw==\" class=\"attachment-large size-large wp-post-image lazyload\" alt=\"Perhe lukee joulukirjaa\" sizes=\"auto, (max-width: 1024px) 100vw, 1024px\" data-src=\"https:\/\/hyvajoulumieli.fi\/wp-content\/uploads\/2025\/11\/HJM_2025_kuvaaja_anna_autio_4516-1600x600-1-1024x384.jpg\" data-srcset=\"https:\/\/hyvajoulumieli.fi\/wp-content\/uploads\/2025\/11\/HJM_2025_kuvaaja_anna_autio_4516-1600x600-1-1024x384.jpg 1024w, https:\/\/hyvajoulumieli.fi\/wp-content\/uploads\/2025\/11\/HJM_2025_kuvaaja_anna_autio_4516-1600x600-1-300x113.jpg 300w, https:\/\/hyvajoulumieli.fi\/wp-content\/uploads\/2025\/11\/HJM_2025_kuvaaja_anna_autio_4516-1600x600-1-768x288.jpg 768w, https:\/\/hyvajoulumieli.fi\/wp-content\/uploads\/2025\/11\/HJM_2025_kuvaaja_anna_autio_4516-1600x600-1-1536x576.jpg 1536w, https:\/\/hyvajoulumieli.fi\/wp-content\/uploads\/2025\/11\/HJM_2025_kuvaaja_anna_autio_4516-1600x600-1.jpg 1600w\"><\/div><\/div><div class=\"gutentor-entry-meta gutentor-entry-meta-primary\"><div class=\"posted-on\"><i class=\"far fa-calendar-alt\"><\/i><a href=\"https:\/\/hyvajoulumieli.fi\/sv\/enkat-om-fattigdom-i-barnfamiljer-fattigdomen-syns-som-brist-pa-mat-och-klader-insamlingen-jul-i-sinnet-hjalper-familjer-i-jul\/\" rel=\"bookmark\">11 november 2025<\/a><\/div><\/div><div class=\"gutentor-post-title-data-wrap\"><h3 class=\"gutentor-post-title\"><a href=\"https:\/\/hyvajoulumieli.fi\/sv\/enkat-om-fattigdom-i-barnfamiljer-fattigdomen-syns-som-brist-pa-mat-och-klader-insamlingen-jul-i-sinnet-hjalper-familjer-i-jul\/\" rel=\"bookmark\">Enk\u00e4t om fattigdom i barnfamiljer: fattigdomen syns som brist p\u00e5 mat och kl\u00e4der \u2013 insamlingen Jul i Sinnet hj\u00e4lper familjer i jul<\/a><\/h3><\/div><div class=\"gutentor-post-desc\">En enk\u00e4t som Mannerheims Barnskyddsf\u00f6rbund och Finlands R\u00f6da Kors har gjort visar att fattigdomen ko&hellip;<\/div><\/div><\/article><article class='gutentor-post  grid-lg-4 grid-md-4 grid-12'><div class='gutentor-post-item'><div class='gutentor-post-image-box'><div class=\"gutentor-image-thumb\"><img loading=\"lazy\" decoding=\"async\" width=\"1024\" height=\"683\" src=\"\"image\/gif;base64,R0lGODlhAQABAAAAACH5BAEKAAEALAAAAAABAAEAAAICTAEAOw==\" class=\"attachment-large size-large wp-post-image lazyload\" alt=\"Lapsi leipoo enkelipiparia\" sizes=\"auto, (max-width: 1024px) 100vw, 1024px\" data-src=\"https:\/\/hyvajoulumieli.fi\/wp-content\/uploads\/2024\/12\/Piparit-1024x683.jpg\" data-srcset=\"https:\/\/hyvajoulumieli.fi\/wp-content\/uploads\/2024\/12\/Piparit-1024x683.jpg 1024w, https:\/\/hyvajoulumieli.fi\/wp-content\/uploads\/2024\/12\/Piparit-300x200.jpg 300w, https:\/\/hyvajoulumieli.fi\/wp-content\/uploads\/2024\/12\/Piparit-768x512.jpg 768w, https:\/\/hyvajoulumieli.fi\/wp-content\/uploads\/2024\/12\/Piparit-1536x1024.jpg 1536w, https:\/\/hyvajoulumieli.fi\/wp-content\/uploads\/2024\/12\/Piparit-2048x1365.jpg 2048w\"><\/div><\/div><div class=\"gutentor-entry-meta gutentor-entry-meta-primary\"><div class=\"posted-on\"><i class=\"far fa-calendar-alt\"><\/i><a href=\"https:\/\/hyvajoulumieli.fi\/sv\/jul-i-sinnet-insamlingen-delade-ut-18-000-matpresentkort-till-mindre-bemedlade-barnfamiljer\/\" rel=\"bookmark\">24 december 2024<\/a><\/div><\/div><div class=\"gutentor-post-title-data-wrap\"><h3 class=\"gutentor-post-title\"><a href=\"https:\/\/hyvajoulumieli.fi\/sv\/jul-i-sinnet-insamlingen-delade-ut-18-000-matpresentkort-till-mindre-bemedlade-barnfamiljer\/\" rel=\"bookmark\">Jul i Sinnet -insamlingen delade ut 18 000 matpresentkort till mindre bemedlade barnfamiljer<\/a><\/h3><\/div><div class=\"gutentor-post-desc\">\u00a0\u00a0\n\nHyv\u00e4 Joulumieli -ker\u00e4yksen varoin hankitut ruokalahjakortit on toimitettu perille v\u00e4h\u00e4varaisille&hellip;<\/div><\/div><\/article><\/div><\/div><\/section><\/div><\/section>\n<\/div><\/div><\/section>\n<\/div><\/section>\n\n\n\n<section id=\"g-gs9bz1j\" class=\"section-g-gs9bz1j gutentor-module gutentor-container-cover wp-block-gutentor-m3 alignfull front-three-box-wrap has-color-bg has-custom-bg\"><div class=\"grid-container gutentor-rm-ct-space\">\n<section id=\"g-rv91v45\" class=\"section-g-rv91v45 gutentor-module gutentor-advanced-columns wp-block-gutentor-m4\"><div class=\"wp-block-gutentor-m4 grid-container gutentor-rm-ct-space\"><div class=\"grid-row\">\n<section id=\"col-g-ncc1u74\" class=\"col-g-ncc1u74 wp-block-gutentor-m4-col grid-lg-12 grid-md-12 grid-12 gutentor-rm-col-space gutentor-single-column  grid-lg-12  grid-md-12  grid-12 gutentor-rm-col-space\"><div id=\"section-g-ncc1u74\" class=\"section-g-ncc1u74 gutentor-col-wrap\">\n<div id=\"section-g-vndreee\" class=\"section-g-vndreee gutentor-element gutentor-element-advanced-text wp-block-gutentor-e1 text-align-center-mobile\"><div class=\"gutentor-text-wrap\"><h3 class=\"gutentor-text\">Vanliga fr\u00e5gor och svar<\/h3><\/div><\/div>\n\n\n\n<section id=\"g-qwwn1pv\" class=\"section-g-qwwn1pv gutentor-module gutentor-advanced-columns wp-block-gutentor-m4\"><div class=\"wp-block-gutentor-m4 grid-container gutentor-rm-ct-space\"><div class=\"grid-row\">\n<section id=\"col-g-pyeesbe\" class=\"col-g-pyeesbe wp-block-gutentor-m4-col grid-lg-12 grid-md-12 grid-12 gutentor-rm-col-space gutentor-single-column  grid-lg-12  grid-md-12  grid-12 gutentor-rm-col-space\"><div id=\"section-g-pyeesbe\" class=\"section-g-pyeesbe gutentor-col-wrap\">\n<section id=\"g-1z15io6\" class=\"section-g-1z15io6 gutentor-module gutentor-module-accordion fp-accordion\"><div class=\"grid-container\">\n<section id=\"g-6msgqrr\" class=\"section-g-6msgqrr gutentor-module gutentor-module-accordion-item\"><div class=\"gutentor-module-accordion-panel g-a-panel-g-1z15io6\"><div tabindex=\"0\" class=\"gm-ah-g-1z15io6 gutentor-module-accordion-item-heading gutentor-module-icon-position-right\"><span class=\"gutentor-module-accordion-panel-handler\" role=\"button\"><span class=\"gutentor-module-accordion-panel-handler-label\">Vem kan f\u00e5 ett presentkort?<\/span><span class=\"gutentor-module-accordion-icon\"><i class=\"gm-aio-g-1z15io6 gutentor-module-accordion-icon-open fas fa-plus\"><\/i><i class=\"gm-aic-g-1z15io6 gutentor-module-accordion-icon-close fas fa-minus\"><\/i><\/span><\/span><\/div><div class=\"gm-ab-g-1z15io6 gutentor-module-accordion-body\">\n<div id=\"section-g-s70w67r\" class=\"section-g-s70w67r gutentor-element gutentor-element-advanced-text wp-block-gutentor-e0\"><div class=\"gutentor-text-wrap\"><p class=\"gutentor-text\">Ett Jul i sinnet-presentkort kan ges till en i Finland bosatt barnfamilj i vilken det finns \u00e5tminstone ett barn som inte fyllt 18 \u00e5r och familjen har hamnat i ett sv\u00e5rt ekonomiskt l\u00e4ge till exempel p\u00e5 grund av arbetsl\u00f6shet, sjukdom, \u00f6verskulds\u00e4ttning, l\u00e5ga inkomster eller en kris i familjen. Antalet presentkort \u00e4r begr\u00e4nsat, vilket tyv\u00e4rr betyder att endast en del av de familjer som beh\u00f6ver hj\u00e4lp kan f\u00e5 ett kort.<\/p><\/div><\/div>\n<\/div><\/div><\/section>\n\n\n\n<section id=\"g-a1xeesc\" class=\"section-g-a1xeesc gutentor-module gutentor-module-accordion-item\"><div class=\"gutentor-module-accordion-panel g-a-panel-g-1z15io6\"><div tabindex=\"0\" class=\"gm-ah-g-1z15io6 gutentor-module-accordion-item-heading gutentor-module-icon-position-right\"><span class=\"gutentor-module-accordion-panel-handler\" role=\"button\"><span class=\"gutentor-module-accordion-panel-handler-label\">Vad kan man k\u00f6pa med kortet?<\/span><span class=\"gutentor-module-accordion-icon\"><i class=\"gm-aio-g-1z15io6 gutentor-module-accordion-icon-open fas fa-plus\"><\/i><i class=\"gm-aic-g-1z15io6 gutentor-module-accordion-icon-close fas fa-minus\"><\/i><\/span><\/span><\/div><div class=\"gm-ab-g-1z15io6 gutentor-module-accordion-body\">\n<div id=\"section-g-vv1nfu1\" class=\"section-g-vv1nfu1 gutentor-element gutentor-element-advanced-text wp-block-gutentor-e0\"><div class=\"gutentor-text-wrap\"><p class=\"gutentor-text\"><strong>Presentkortet Hyv\u00e4 Joulumieli<\/strong> \u00e4r avsett f\u00f6r ink\u00f6p av mat och livsmedel. Merparten av ink\u00f6pen ska best\u00e5 av mat eller livsmedel, vilket \u00e4ven inkluderar juldelikatesser. Det \u00e4r ocks\u00e5 m\u00f6jligt att k\u00f6pa enstaka hush\u00e5llsartiklar, till exempel en rulle bakpl\u00e5tspapper, en flaska diskmedel eller ett paket bl\u00f6jor.<br><br>Presentkortet kan inte anv\u00e4ndas f\u00f6r att k\u00f6pa tobaksprodukter eller alkoholdrycker. Du kan inte f\u00e5 pengar tillbaka fr\u00e5n presentkortet, men om du vill kan du anv\u00e4nda presentkortet vid flera olika k\u00f6ptillf\u00e4llen, det beh\u00f6ver allts\u00e5 inte anv\u00e4ndas p\u00e5 en g\u00e5ng.<br><br>Presentkorten kan anv\u00e4ndas fr\u00e5n och med den 1.12.2026. Den rekommenderade inl\u00f6sningstiden \u00e4r 1\u201331.12.2026, men korten \u00e4r giltiga i minst ett \u00e5r.<\/p><\/div><\/div>\n<\/div><\/div><\/section>\n\n\n\n<section id=\"g-0yvy9vz\" class=\"section-g-0yvy9vz gutentor-module gutentor-module-accordion-item\"><div class=\"gutentor-module-accordion-panel g-a-panel-g-1z15io6\"><div tabindex=\"0\" class=\"gm-ah-g-1z15io6 gutentor-module-accordion-item-heading gutentor-module-icon-position-right\"><span class=\"gutentor-module-accordion-panel-handler\" role=\"button\"><span class=\"gutentor-module-accordion-panel-handler-label\">Hur \u00e4r det m\u00f6jligt att delta i insamlingen?<\/span><span class=\"gutentor-module-accordion-icon\"><i class=\"gm-aio-g-1z15io6 gutentor-module-accordion-icon-open fas fa-plus\"><\/i><i class=\"gm-aic-g-1z15io6 gutentor-module-accordion-icon-close fas fa-minus\"><\/i><\/span><\/span><\/div><div class=\"gm-ab-g-1z15io6 gutentor-module-accordion-body\">\n<div id=\"section-g-1sbbors\" class=\"section-g-1sbbors gutentor-element gutentor-element-advanced-text wp-block-gutentor-e0\"><div class=\"gutentor-text-wrap\"><p class=\"gutentor-text\">Genom att <a href=\"https:\/\/hyvajoulumieli.fi\/sv\/donera\/\">donera p\u00e5 webbplatsen<\/a>.<br><br>Genom att donera direkt p\u00e5 bankkontot f\u00f6r insamlingen Jul i Sinnet: IBAN FI33 5780 4120 0801 60. Referens: 5429<br><br>Genom att ringa till insamlingstelefonen 0600 16555 (10,01 e + lna\/msa)<br><br>Genom att skicka sms:<br>Donera 10 \u20ac till insamlingen Jul i Sinnet, skicka textmeddelandet HJM till numret 16499<br>Donera 10 \u20ac till insamlingen Jul i Sinnet, skicka textmeddelandet HJM10 till numret 16499<br>Donera 20 \u20ac till insamlingen Jul i Sinnet, skicka textmeddelandet HJM20 till numret 16499<br>Donera 30 \u20ac till insamlingen Jul i Sinnet, skicka textmeddelandet HJM30 till numret 16499<br><br>Genom MobilePay, v\u00e5rt nummer \u00e4r 66020.<\/p><\/div><\/div>\n<\/div><\/div><\/section>\n<\/div><\/section>\n<\/div><\/section>\n<\/div><\/div><\/section>\n<\/div><\/section>\n<\/div><\/div><\/section>\n<\/div><\/section>\n\n\n\n<section id=\"g-7wi99tt\" class=\"section-g-7wi99tt gutentor-module gutentor-container-cover wp-block-gutentor-m3\"><div class=\"grid-container\">\n<section id=\"g-ozew668\" class=\"section-g-ozew668 gutentor-module gutentor-advanced-columns wp-block-gutentor-m4 has-color-bg has-custom-bg\"><div class=\"wp-block-gutentor-m4 grid-container\"><div class=\"grid-row\">\n<section id=\"col-g-7bn6crh\" class=\"col-g-7bn6crh wp-block-gutentor-m4-col grid-lg-12 grid-md-12 grid-12 gutentor-single-column  grid-lg-12  grid-md-12  grid-12\"><div id=\"section-g-7bn6crh\" class=\"section-g-7bn6crh gutentor-col-wrap\">\n<div id=\"section-g-l3ses17\" class=\"section-g-l3ses17 gutentor-element gutentor-element-advanced-text wp-block-gutentor-e1 text-align-center-mobile\"><div class=\"gutentor-text-wrap\"><h3 class=\"gutentor-text\">Donera nu!<\/h3><\/div><\/div>\n\n\n\n<div id=\"section-g-q9ppz8r\" class=\"section-g-q9ppz8r gutentor-element gutentor-element-button wp-block-gutentor-e2 button-align-center-mobile\"><span class=\"gutentor-button-wrap\"><a class=\"gutentor-button gutentor-block-button gutentor-icon-hide\" href=\"https:\/\/donation.securycast.com\/hjm?lang=se&amp;_gl=1*z8cqug*_ga*NTg3MDg1ODE5LjE3MDIyODEzMzA.*_ga_1H6FF53GPC*MTcyNzc4NDQ1OS45LjEuMTcyNzc4NTU0OS4wLjAuMA..\"><i class=\"gutentor-button-icon fas fa-book\"><\/i><span>Donera<\/span><\/a><\/span><\/div>\n<\/div><\/section>\n<\/div><\/div><\/section>\n<\/div><\/section>\n","protected":false},"excerpt":{"rendered":"","protected":false},"author":1,"featured_media":0,"parent":0,"menu_order":0,"comment_status":"closed","ping_status":"closed","template":"","meta":{"_acf_changed":false,"_monsterinsights_skip_tracking":false,"footnotes":""},"class_list":["post-3497","page","type-page","status-publish"],"acf":[],"yoast_head":"<!-- This site is optimized with the Yoast SEO plugin v28.3 - https:\/\/yoast.com\/product\/yoast-seo-wordpress\/ -->\n<title>Jul i Sinnet -insamlingen<\/title>\n<meta name=\"description\" content=\"Med Jul i Sinnet -insamlingen skaffas matpresentkort till mindre bemedlade barnfamiljer i Finland. Donera nu!\" \/>\n<meta name=\"robots\" content=\"index, follow, max-snippet:-1, max-image-preview:large, max-video-preview:-1\" \/>\n<link rel=\"canonical\" href=\"https:\/\/hyvajoulumieli.fi\/sv\/\" \/>\n<meta property=\"og:locale\" content=\"sv_SE\" \/>\n<meta property=\"og:type\" content=\"article\" \/>\n<meta property=\"og:title\" content=\"Jul i Sinnet -insamlingen\" \/>\n<meta property=\"og:description\" content=\"Med Jul i Sinnet -insamlingen skaffas matpresentkort till mindre bemedlade barnfamiljer i Finland. Donera nu!\" \/>\n<meta property=\"og:url\" content=\"https:\/\/hyvajoulumieli.fi\/sv\/\" \/>\n<meta property=\"og:site_name\" content=\"Hyv\u00e4 Joulumieli -ker\u00e4ys\" \/>\n<meta property=\"article:publisher\" content=\"https:\/\/www.facebook.com\/hyvajoulumieli\/\" \/>\n<meta property=\"article:modified_time\" content=\"2026-09-02T10:08:49+00:00\" \/>\n<meta name=\"twitter:card\" content=\"summary_large_image\" \/>\n<meta name=\"twitter:site\" content=\"@hyvajoulumieli\" \/>\n<meta name=\"twitter:label1\" content=\"Ber\u00e4knad l\u00e4stid\" \/>\n\t<meta name=\"twitter:data1\" content=\"3 minuter\" \/>\n<script type=\"application\/ld+json\" class=\"yoast-schema-graph\">{\"@context\":\"https:\\\/\\\/schema.org\",\"@graph\":[{\"@type\":\"WebPage\",\"@id\":\"https:\\\/\\\/hyvajoulumieli.fi\\\/sv\\\/\",\"url\":\"https:\\\/\\\/hyvajoulumieli.fi\\\/sv\\\/\",\"name\":\"Jul i Sinnet -insamlingen\",\"isPartOf\":{\"@id\":\"https:\\\/\\\/hyvajoulumieli.fi\\\/#website\"},\"datePublished\":\"2024-09-20T08:28:23+00:00\",\"dateModified\":\"2026-09-02T10:08:49+00:00\",\"description\":\"Med Jul i Sinnet -insamlingen skaffas matpresentkort till mindre bemedlade barnfamiljer i Finland. Donera nu!\",\"breadcrumb\":{\"@id\":\"https:\\\/\\\/hyvajoulumieli.fi\\\/sv\\\/#breadcrumb\"},\"inLanguage\":\"sv-SE\",\"potentialAction\":[{\"@type\":\"ReadAction\",\"target\":[\"https:\\\/\\\/hyvajoulumieli.fi\\\/sv\\\/\"]}]},{\"@type\":\"BreadcrumbList\",\"@id\":\"https:\\\/\\\/hyvajoulumieli.fi\\\/sv\\\/#breadcrumb\",\"itemListElement\":[{\"@type\":\"ListItem\",\"position\":1,\"name\":\"Etusivu\",\"item\":\"https:\\\/\\\/hyvajoulumieli.fi\\\/sv\\\/\"},{\"@type\":\"ListItem\",\"position\":2,\"name\":\"Etusivu\"}]},{\"@type\":\"WebSite\",\"@id\":\"https:\\\/\\\/hyvajoulumieli.fi\\\/#website\",\"url\":\"https:\\\/\\\/hyvajoulumieli.fi\\\/\",\"name\":\"Hyv\u00e4 Joulumieli -ker\u00e4ys\",\"description\":\"Lahjoituksellasi autat v\u00e4h\u00e4varaisia lapsiperheit\u00e4. Sinun avullasi voimme jakaa ruokalahjakortteja apua tarvitseville perheille Suomessa. Hyv\u00e4 Joulumieli -lahjoitus tuo joulun.\",\"publisher\":{\"@id\":\"https:\\\/\\\/hyvajoulumieli.fi\\\/#organization\"},\"potentialAction\":[{\"@type\":\"SearchAction\",\"target\":{\"@type\":\"EntryPoint\",\"urlTemplate\":\"https:\\\/\\\/hyvajoulumieli.fi\\\/?s={search_term_string}\"},\"query-input\":{\"@type\":\"PropertyValueSpecification\",\"valueRequired\":true,\"valueName\":\"search_term_string\"}}],\"inLanguage\":\"sv-SE\"},{\"@type\":\"Organization\",\"@id\":\"https:\\\/\\\/hyvajoulumieli.fi\\\/#organization\",\"name\":\"Hyv\u00e4 Joulumieli -ker\u00e4ys\",\"url\":\"https:\\\/\\\/hyvajoulumieli.fi\\\/\",\"logo\":{\"@type\":\"ImageObject\",\"inLanguage\":\"sv-SE\",\"@id\":\"https:\\\/\\\/hyvajoulumieli.fi\\\/#\\\/schema\\\/logo\\\/image\\\/\",\"url\":\"https:\\\/\\\/hyvajoulumieli.fi\\\/wp-content\\\/uploads\\\/2024\\\/09\\\/Hyvajoulumieli_logo_valkoinen-tausta.png\",\"contentUrl\":\"https:\\\/\\\/hyvajoulumieli.fi\\\/wp-content\\\/uploads\\\/2024\\\/09\\\/Hyvajoulumieli_logo_valkoinen-tausta.png\",\"width\":295,\"height\":113,\"caption\":\"Hyv\u00e4 Joulumieli -ker\u00e4ys\"},\"image\":{\"@id\":\"https:\\\/\\\/hyvajoulumieli.fi\\\/#\\\/schema\\\/logo\\\/image\\\/\"},\"sameAs\":[\"https:\\\/\\\/www.facebook.com\\\/hyvajoulumieli\\\/\",\"https:\\\/\\\/x.com\\\/hyvajoulumieli\",\"http:\\\/\\\/@hyvajoulumieli\"]}]}<\/script>\n<!-- \/ Yoast SEO plugin. -->","yoast_head_json":{"title":"Jul i Sinnet -insamlingen","description":"Med Jul i Sinnet -insamlingen skaffas matpresentkort till mindre bemedlade barnfamiljer i Finland. Donera nu!","robots":{"index":"index","follow":"follow","max-snippet":"max-snippet:-1","max-image-preview":"max-image-preview:large","max-video-preview":"max-video-preview:-1"},"canonical":"https:\/\/hyvajoulumieli.fi\/sv\/","og_locale":"sv_SE","og_type":"article","og_title":"Jul i Sinnet -insamlingen","og_description":"Med Jul i Sinnet -insamlingen skaffas matpresentkort till mindre bemedlade barnfamiljer i Finland. Donera nu!","og_url":"https:\/\/hyvajoulumieli.fi\/sv\/","og_site_name":"Hyv\u00e4 Joulumieli -ker\u00e4ys","article_publisher":"https:\/\/www.facebook.com\/hyvajoulumieli\/","article_modified_time":"2026-09-02T10:08:49+00:00","twitter_card":"summary_large_image","twitter_site":"@hyvajoulumieli","twitter_misc":{"Ber\u00e4knad l\u00e4stid":"3 minuter"},"schema":{"@context":"https:\/\/schema.org","@graph":[{"@type":"WebPage","@id":"https:\/\/hyvajoulumieli.fi\/sv\/","url":"https:\/\/hyvajoulumieli.fi\/sv\/","name":"Jul i Sinnet -insamlingen","isPartOf":{"@id":"https:\/\/hyvajoulumieli.fi\/#website"},"datePublished":"2024-09-20T08:28:23+00:00","dateModified":"2026-09-02T10:08:49+00:00","description":"Med Jul i Sinnet -insamlingen skaffas matpresentkort till mindre bemedlade barnfamiljer i Finland. Donera nu!","breadcrumb":{"@id":"https:\/\/hyvajoulumieli.fi\/sv\/#breadcrumb"},"inLanguage":"sv-SE","potentialAction":[{"@type":"ReadAction","target":["https:\/\/hyvajoulumieli.fi\/sv\/"]}]},{"@type":"BreadcrumbList","@id":"https:\/\/hyvajoulumieli.fi\/sv\/#breadcrumb","itemListElement":[{"@type":"ListItem","position":1,"name":"Etusivu","item":"https:\/\/hyvajoulumieli.fi\/sv\/"},{"@type":"ListItem","position":2,"name":"Etusivu"}]},{"@type":"WebSite","@id":"https:\/\/hyvajoulumieli.fi\/#website","url":"https:\/\/hyvajoulumieli.fi\/","name":"Hyv\u00e4 Joulumieli -ker\u00e4ys","description":"Lahjoituksellasi autat v\u00e4h\u00e4varaisia lapsiperheit\u00e4. Sinun avullasi voimme jakaa ruokalahjakortteja apua tarvitseville perheille Suomessa. Hyv\u00e4 Joulumieli -lahjoitus tuo joulun.","publisher":{"@id":"https:\/\/hyvajoulumieli.fi\/#organization"},"potentialAction":[{"@type":"SearchAction","target":{"@type":"EntryPoint","urlTemplate":"https:\/\/hyvajoulumieli.fi\/?s={search_term_string}"},"query-input":{"@type":"PropertyValueSpecification","valueRequired":true,"valueName":"search_term_string"}}],"inLanguage":"sv-SE"},{"@type":"Organization","@id":"https:\/\/hyvajoulumieli.fi\/#organization","name":"Hyv\u00e4 Joulumieli -ker\u00e4ys","url":"https:\/\/hyvajoulumieli.fi\/","logo":{"@type":"ImageObject","inLanguage":"sv-SE","@id":"https:\/\/hyvajoulumieli.fi\/#\/schema\/logo\/image\/","url":"https:\/\/hyvajoulumieli.fi\/wp-content\/uploads\/2024\/09\/Hyvajoulumieli_logo_valkoinen-tausta.png","contentUrl":"https:\/\/hyvajoulumieli.fi\/wp-content\/uploads\/2024\/09\/Hyvajoulumieli_logo_valkoinen-tausta.png","width":295,"height":113,"caption":"Hyv\u00e4 Joulumieli -ker\u00e4ys"},"image":{"@id":"https:\/\/hyvajoulumieli.fi\/#\/schema\/logo\/image\/"},"sameAs":["https:\/\/www.facebook.com\/hyvajoulumieli\/","https:\/\/x.com\/hyvajoulumieli","http:\/\/@hyvajoulumieli"]}]}},"_links":{"self":[{"href":"https:\/\/hyvajoulumieli.fi\/sv\/wp-json\/wp\/v2\/pages\/3497","targetHints":{"allow":["GET"]}}],"collection":[{"href":"https:\/\/hyvajoulumieli.fi\/sv\/wp-json\/wp\/v2\/pages"}],"about":[{"href":"https:\/\/hyvajoulumieli.fi\/sv\/wp-json\/wp\/v2\/types\/page"}],"author":[{"embeddable":true,"href":"https:\/\/hyvajoulumieli.fi\/sv\/wp-json\/wp\/v2\/users\/1"}],"replies":[{"embeddable":true,"href":"https:\/\/hyvajoulumieli.fi\/sv\/wp-json\/wp\/v2\/comments?post=3497"}],"version-history":[{"count":145,"href":"https:\/\/hyvajoulumieli.fi\/sv\/wp-json\/wp\/v2\/pages\/3497\/revisions"}],"predecessor-version":[{"id":5863,"href":"https:\/\/hyvajoulumieli.fi\/sv\/wp-json\/wp\/v2\/pages\/3497\/revisions\/5863"}],"wp:attachment":[{"href":"https:\/\/hyvajoulumieli.fi\/sv\/wp-json\/wp\/v2\/media?parent=3497"}],"curies":[{"name":"wp","href":"https:\/\/api.w.org\/{rel}","templated":true}]}}